{"id":9382,"date":"2023-02-15T11:31:44","date_gmt":"2023-02-15T11:31:44","guid":{"rendered":"https:\/\/www.tabulawoods.it:81\/portfolio-item\/europaischer-nussbaum\/"},"modified":"2024-03-06T11:34:14","modified_gmt":"2024-03-06T10:34:14","slug":"europaischer-nussbaum","status":"publish","type":"portfolio-item","link":"https:\/\/www.tabulawoods.it\/de\/portfolio-item\/europaischer-nussbaum\/","title":{"rendered":"Europ\u00e4ischer Nussbaum"},"content":{"rendered":"<div class=\"wpb-content-wrapper\"><p>[vc_row full_width=&#8220;stretch_row_content_no_spaces&#8220; full_height=&#8220;yes&#8220; columns_placement=&#8220;top&#8220; parallax=&#8220;content-moving&#8220; css=&#8220;.vc_custom_1709610915376{padding-top: 0px !important;}&#8220; el_class=&#8220;slide-assi-grezze&#8220;][vc_column css=&#8220;.vc_custom_1709610939825{padding-top: 0px !important;}&#8220;]<div class=\"qodef-full-screen-image-slider slide-assi-grezze-slide\">\n\t<div class=\"qodef-fsis-slider qodef-owl-slider\" data-number-of-items=\"1\" data-enable-loop=\"yes\" data-enable-autoplay=\"yes\" data-enable-autoplay-hover-pause=\"yes\" data-slider-padding=\"no\" data-slider-speed=\"6000\" data-slider-speed-animation=\"1000\" data-enable-navigation=\"yes\" data-enable-pagination=\"yes\">\n\t\t<div class=\"qodef-fsis-item\">\n\t<div class=\"qodef-fsis-image\" style=\"background-image: url(https:\/\/www.tabulawoods.it\/wp-content\/uploads\/2022\/09\/Noce-europeo_180anni_serbia_NEP1703SRB_2000x1335.jpg)\">\n\t\t<div class=\"qodef-fsis-image-wrapper\">\n\t\t\t<div class=\"qodef-fsis-image-inner\">\n\t\t\t\t\t\t\t\t\t\t\t\t\t\t\t\t\t\t\t\t\t\t\t<\/div>\n\t\t<\/div>\n\t<\/div>\n\t<div class=\"qodef-fsis-frame qodef-fsis-frame-top\"><\/div>\n\t<div class=\"qodef-fsis-frame qodef-fsis-frame-right\"><\/div>\n\t<div class=\"qodef-fsis-frame qodef-fsis-frame-bottom\"><\/div>\n\t<div class=\"qodef-fsis-frame qodef-fsis-frame-left\"><\/div>\n<\/div>\t<\/div>\n\t<div class=\"qodef-fsis-thumb-nav qodef-fsis-prev-nav\"><\/div>\n\t<div class=\"qodef-fsis-thumb-nav qodef-fsis-next-nav\"><\/div>\n\t<div class=\"qodef-fsis-slider-mask\"><\/div>\n<\/div>[vc_column_text el_class=&#8220;assi-grezze-slider-content&#8220;]<\/p>\n<h1>Europ\u00e4ischer Nussbaum<\/h1>\n<p>Langlebig und mit einer guten F\u00e4higkeit, Verformungen \u00fcber die Zeit zu widerstehen.[\/vc_column_text][\/vc_column][\/vc_row][vc_row content_placement=&#8220;middle&#8220; css=&#8220;.vc_custom_1663967520579{margin-top: 60px !important;}&#8220;][vc_column width=&#8220;1\/2&#8243;][vc_single_image image=&#8220;6127&#8243; img_size=&#8220;full&#8220;][\/vc_column][vc_column width=&#8220;1\/2&#8243; css=&#8220;.vc_custom_1663598352676{padding-right: 30px !important;padding-left: 30px !important;}&#8220;][vc_column_text]<\/p>\n<h3>Der Baum<\/h3>\n<p><span class=\"fontstyle0\">Es scheint, dass dieser Baum w\u00e4hrend der Bronzezeit von griechischen Kolonisten aus Kleinasien nach Europa gebracht wurde, und seine Verbreitung, vom R\u00f6mischen Reich bis ins Mittelalter, ist auf die ern\u00e4hrungsphysiologische Bedeutung der N\u00fcsse zur\u00fcckzuf\u00fchren, eine Quelle wichtiger N\u00e4hrstoffe, aber auch von Substanzen, die in der Naturmedizin verwendet werden. In der Antike wurde dieser Baum mit der Figur des Jupiter in Verbindung gebracht, und N\u00fcsse wurden in Hochzeitsumz\u00fcgen geworfen, wie heute Konfetti. Weit verbreitet auf dem Land als mit dem Wein assoziierter Baum, auch weil man glaubt, dass er sch\u00e4dliche Insekten fernh\u00e4lt.<\/span><br \/>\n[\/vc_column_text][\/vc_column][\/vc_row][vc_row content_placement=&#8220;middle&#8220; css=&#8220;.vc_custom_1663967539999{margin-top: 60px !important;}&#8220;][vc_column width=&#8220;1\/2&#8243; css=&#8220;.vc_custom_1663598395689{padding-right: 30px !important;padding-left: 30px !important;}&#8220;][vc_column_text]<\/p>\n<h3>Das Holz<\/h3>\n<p><span class=\"fontstyle0\">Seit Jahrhunderten f\u00fcr die M\u00f6belherstellung genutzt, sowie f\u00fcr Innenr\u00e4ume und Armaturenbretter von Luxusautos, ist es widerstandsf\u00e4hig, gut zu bearbeiten und hat eine ausgepr\u00e4gte F\u00e4higkeit, Verformungen \u00fcber die Zeit zu widerstehen. Es hat eine charakteristische braune Farbe mit Streifen, die zum Schwarz tendieren, was ein Gef\u00fchl von W\u00e4rme und Vertrautheit vermittelt.<\/span><br \/>\n[\/vc_column_text][\/vc_column][vc_column width=&#8220;1\/2&#8243;][vc_single_image image=&#8220;6124&#8243; img_size=&#8220;full&#8220;][\/vc_column][\/vc_row][vc_row full_width=&#8220;stretch_row&#8220; equal_height=&#8220;yes&#8220; content_placement=&#8220;middle&#8220; disable_element=&#8220;yes&#8220; css=&#8220;.vc_custom_1663967723179{margin-top: 50px !important;padding-top: 60px !important;padding-bottom: 80px !important;background-color: #f0f1f1 !important;}&#8220;][vc_column][vc_custom_heading text=&#8220;FINITURE&#8220; font_container=&#8220;tag:p|font_size:48px|text_align:center|color:%23000000|line_height:1.5em&#8220; google_fonts=&#8220;font_family:Open%20Sans%3A300%2C300italic%2Cregular%2Citalic%2C600%2C600italic%2C700%2C700italic%2C800%2C800italic|font_style:300%20light%20regular%3A300%3Anormal&#8220;][vc_custom_heading text=&#8220;Lorem ipsum dolor sit amet, consectetuer adipiscing elit, sed diam nonummy nibh euismod tincidunt ut laoreet dolore magna aliquam erat volutpat&#8220; font_container=&#8220;tag:p|font_size:16px|text_align:center|color:%23000000|line_height:1.5em&#8220; google_fonts=&#8220;font_family:Open%20Sans%3A300%2C300italic%2Cregular%2Citalic%2C600%2C600italic%2C700%2C700italic%2C800%2C800italic|font_style:300%20light%20regular%3A300%3Anormal&#8220;][vc_row_inner equal_height=&#8220;yes&#8220; content_placement=&#8220;middle&#8220; gap=&#8220;25&#8243; row_content_width=&#8220;grid&#8220; css=&#8220;.vc_custom_1659564846833{padding-top: 40px !important;}&#8220; el_id=&#8220;venti&#8220;][vc_column_inner width=&#8220;1\/4&#8243;]<div class=\"qodef-image-with-text-holder progetti  \">\n    <div class=\"qodef-iwt-image\">\n                                    <img loading=\"lazy\" decoding=\"async\" width=\"300\" height=\"300\" src=\"https:\/\/www.tabulawoods.it\/wp-content\/uploads\/2022\/06\/foto_14.jpg\" class=\"attachment-full size-full\" alt=\"\" srcset=\"https:\/\/www.tabulawoods.it\/wp-content\/uploads\/2022\/06\/foto_14.jpg 300w, https:\/\/www.tabulawoods.it\/wp-content\/uploads\/2022\/06\/foto_14-100x100.jpg 100w, https:\/\/www.tabulawoods.it\/wp-content\/uploads\/2022\/06\/foto_14-150x150.jpg 150w\" sizes=\"auto, (max-width: 300px) 100vw, 300px\" \/>                        <\/div>\n    <div class=\"qodef-iwt-text-holder\">\n                    <h3 class=\"qodef-iwt-title\" >FRASSINO OLIVATO GREZZO<\/h3>\n\t                <p class=\"qodef-iwt-text\" style=\"margin-top: 30px\">La fase Lorem ipsum dolor sit amet, consectetuer adipiscing elit, sed diam nonummy nibh euismod tincidunt ut laoreet dolore magna aliquam erat volutpat.<\/p>\n            <\/div>\n<\/div>[\/vc_column_inner][vc_column_inner width=&#8220;1\/4&#8243;]<div class=\"qodef-image-with-text-holder progetti  \">\n    <div class=\"qodef-iwt-image\">\n                                    <img loading=\"lazy\" decoding=\"async\" width=\"300\" height=\"300\" src=\"https:\/\/www.tabulawoods.it\/wp-content\/uploads\/2022\/06\/foto_14.jpg\" class=\"attachment-full size-full\" alt=\"\" srcset=\"https:\/\/www.tabulawoods.it\/wp-content\/uploads\/2022\/06\/foto_14.jpg 300w, https:\/\/www.tabulawoods.it\/wp-content\/uploads\/2022\/06\/foto_14-100x100.jpg 100w, https:\/\/www.tabulawoods.it\/wp-content\/uploads\/2022\/06\/foto_14-150x150.jpg 150w\" sizes=\"auto, (max-width: 300px) 100vw, 300px\" \/>                        <\/div>\n    <div class=\"qodef-iwt-text-holder\">\n                    <h3 class=\"qodef-iwt-title\" >FRASSINO OLIVATO VERNICIATURA 1<\/h3>\n\t                <p class=\"qodef-iwt-text\" style=\"margin-top: 30px\">La fase Lorem ipsum dolor sit amet, consectetuer adipiscing elit, sed diam nonummy nibh euismod tincidunt ut laoreet dolore magna aliquam erat volutpat.<\/p>\n            <\/div>\n<\/div>[\/vc_column_inner][vc_column_inner width=&#8220;1\/4&#8243;]<div class=\"qodef-image-with-text-holder progetti  \">\n    <div class=\"qodef-iwt-image\">\n                                    <img loading=\"lazy\" decoding=\"async\" width=\"300\" height=\"300\" src=\"https:\/\/www.tabulawoods.it\/wp-content\/uploads\/2022\/06\/foto_14.jpg\" class=\"attachment-full size-full\" alt=\"\" srcset=\"https:\/\/www.tabulawoods.it\/wp-content\/uploads\/2022\/06\/foto_14.jpg 300w, https:\/\/www.tabulawoods.it\/wp-content\/uploads\/2022\/06\/foto_14-100x100.jpg 100w, https:\/\/www.tabulawoods.it\/wp-content\/uploads\/2022\/06\/foto_14-150x150.jpg 150w\" sizes=\"auto, (max-width: 300px) 100vw, 300px\" \/>                        <\/div>\n    <div class=\"qodef-iwt-text-holder\">\n                    <h3 class=\"qodef-iwt-title\" >FRASSINO OLIVATO VERNICIATURA 2<\/h3>\n\t                <p class=\"qodef-iwt-text\" style=\"margin-top: 30px\">La fase Lorem ipsum dolor sit amet, consectetuer adipiscing elit, sed diam nonummy nibh euismod tincidunt ut laoreet dolore magna aliquam erat volutpat.<\/p>\n            <\/div>\n<\/div>[\/vc_column_inner][vc_column_inner width=&#8220;1\/4&#8243;]<div class=\"qodef-image-with-text-holder progetti  \">\n    <div class=\"qodef-iwt-image\">\n                                    <img loading=\"lazy\" decoding=\"async\" width=\"300\" height=\"300\" src=\"https:\/\/www.tabulawoods.it\/wp-content\/uploads\/2022\/06\/foto_14.jpg\" class=\"attachment-full size-full\" alt=\"\" srcset=\"https:\/\/www.tabulawoods.it\/wp-content\/uploads\/2022\/06\/foto_14.jpg 300w, https:\/\/www.tabulawoods.it\/wp-content\/uploads\/2022\/06\/foto_14-100x100.jpg 100w, https:\/\/www.tabulawoods.it\/wp-content\/uploads\/2022\/06\/foto_14-150x150.jpg 150w\" sizes=\"auto, (max-width: 300px) 100vw, 300px\" \/>                        <\/div>\n    <div class=\"qodef-iwt-text-holder\">\n                    <h3 class=\"qodef-iwt-title\" >FRASSINO OLIVATO VERNICIATURA 3<\/h3>\n\t                <p class=\"qodef-iwt-text\" style=\"margin-top: 30px\">La fase Lorem ipsum dolor sit amet, consectetuer adipiscing elit, sed diam nonummy nibh euismod tincidunt ut laoreet dolore magna aliquam erat volutpat.<\/p>\n            <\/div>\n<\/div>[\/vc_column_inner][\/vc_row_inner][\/vc_column][\/vc_row][vc_row full_width=&#8220;stretch_row&#8220; equal_height=&#8220;yes&#8220; content_placement=&#8220;middle&#8220; css=&#8220;.vc_custom_1659565768530{margin-top: 50px !important;border-bottom-width: 1px !important;padding-top: 60px !important;padding-bottom: 40px !important;border-bottom-color: #000000 !important;border-bottom-style: solid !important;}&#8220;][vc_column][vc_custom_heading text=&#8220;UNSERE KREATIONEN AUS EUROP\u00c4ISCHEN WALNUSSBAUM&#8220; font_container=&#8220;tag:p|font_size:48px|text_align:left|color:%23000000|line_height:1.5em&#8220; google_fonts=&#8220;font_family:Open%20Sans%3A300%2C300italic%2Cregular%2Citalic%2C600%2C600italic%2C700%2C700italic%2C800%2C800italic|font_style:300%20light%20regular%3A300%3Anormal&#8220;][vc_custom_heading text=&#8220;Entdecken Sie, welche Produkte wir mit dieser Holzart hergestellt haben.&#8220; font_container=&#8220;tag:p|font_size:16px|text_align:left|color:%23000000|line_height:1.5em&#8220; google_fonts=&#8220;font_family:Open%20Sans%3A300%2C300italic%2Cregular%2Citalic%2C600%2C600italic%2C700%2C700italic%2C800%2C800italic|font_style:300%20light%20regular%3A300%3Anormal&#8220;][vc_row_inner equal_height=&#8220;yes&#8220; content_placement=&#8220;middle&#8220; gap=&#8220;25&#8243; row_content_width=&#8220;grid&#8220; css=&#8220;.vc_custom_1659564846833{padding-top: 40px !important;}&#8220;][vc_column_inner]<div class=\"qodef-portfolio-list-holder qodef-grid-list qodef-pl-gallery qodef-three-columns qodef-large-space qodef-pl-standard-lift    qodef-pl-pag-no-pagination      \"  data-type=gallery data-number-of-columns=three data-space-between-items=large data-image-proportions=square data-enable-fixed-proportions=no data-enable-image-shadow=no data-category=portfolio-creazioni data-tag=noce-europeo data-orderby=date data-order=ASC data-item-style=standard-lift data-enable-title=yes data-title-tag=h6 data-title-text-transform=uppercase data-enable-category=no data-enable-count-images=no data-enable-excerpt=yes data-excerpt-length=300 data-pagination-type=no-pagination data-filter=no data-filter-order-by=name data-enable-article-animation=no data-portfolio-slider-on=no data-enable-loop=yes data-enable-autoplay=np data-slider-speed=5000 data-slider-speed-animation=600 data-enable-navigation=yes data-enable-pagination=yes data-enable-mousewheel-scroll=no data-max-num-pages=1 data-next-page=2>\n\t\t<div class=\"qodef-pl-inner qodef-outer-space  clearfix\">\n                \t\t<article class=\"qodef-pl-item qodef-item-space  post-9361 portfolio-item type-portfolio-item status-publish has-post-thumbnail hentry portfolio-category-unser-portfolio portfolio-tag-europaischer-nussbaum\">\n\t<div class=\"qodef-pl-item-inner\">\n\t\t<div class=\"qodef-pli-image\">\n\t<img loading=\"lazy\" decoding=\"async\" width=\"550\" height=\"550\" src=\"https:\/\/www.tabulawoods.it\/wp-content\/uploads\/2022\/09\/Noce-europeo_100anni_serbia_NEP1806SRB_01_723x920_icona-550x550.jpg\" class=\"attachment-dessau_select_square size-dessau_select_square wp-post-image\" alt=\"\" srcset=\"https:\/\/www.tabulawoods.it\/wp-content\/uploads\/2022\/09\/Noce-europeo_100anni_serbia_NEP1806SRB_01_723x920_icona-550x550.jpg 550w, https:\/\/www.tabulawoods.it\/wp-content\/uploads\/2022\/09\/Noce-europeo_100anni_serbia_NEP1806SRB_01_723x920_icona-150x150.jpg 150w, https:\/\/www.tabulawoods.it\/wp-content\/uploads\/2022\/09\/Noce-europeo_100anni_serbia_NEP1806SRB_01_723x920_icona-300x300.jpg 300w, https:\/\/www.tabulawoods.it\/wp-content\/uploads\/2022\/09\/Noce-europeo_100anni_serbia_NEP1806SRB_01_723x920_icona-100x100.jpg 100w\" sizes=\"auto, (max-width: 550px) 100vw, 550px\" \/><\/div>\n<div class=\"qodef-pli-text-holder\" >\n\t<div class=\"qodef-pli-text-wrapper\">\n\t\t<div class=\"qodef-pli-text\">\n\t\t\t\t<h6 itemprop=\"name\" class=\"qodef-pli-title entry-title\" style=\"text-transform: uppercase\">\n\t\tCouchtisch aus europ\u00e4ischem Nussbaum (100 Jahre)\t<\/h6>\n\n\t\t\t\n\t\t\t\n\t\t\t\t<p itemprop=\"description\" class=\"qodef-pli-excerpt\">100 Jahre\r\n\r\n90 x 140 x H30\u00a0cm<\/p>\n\t\t<\/div>\n\t<\/div>\n<\/div>\n\t\t<a itemprop=\"url\" class=\"qodef-pli-link qodef-block-drag-link\" href=\"https:\/\/www.tabulawoods.it\/de\/portfolio-item\/couchtisch-aus-europaischem-nussbaum-100-jahre\/\" target=\"_self\"><\/a>\n\t<\/div>\n<\/article><article class=\"qodef-pl-item qodef-item-space  post-9362 portfolio-item type-portfolio-item status-publish has-post-thumbnail hentry portfolio-category-unser-portfolio portfolio-tag-europaischer-nussbaum\">\n\t<div class=\"qodef-pl-item-inner\">\n\t\t<div class=\"qodef-pli-image\">\n\t<img loading=\"lazy\" decoding=\"async\" width=\"550\" height=\"550\" src=\"https:\/\/www.tabulawoods.it\/wp-content\/uploads\/2022\/09\/Noce-europeo_100anni_serbia_NEO1830SRB_01_723x920_icona-550x550.jpg\" class=\"attachment-dessau_select_square size-dessau_select_square wp-post-image\" alt=\"\" srcset=\"https:\/\/www.tabulawoods.it\/wp-content\/uploads\/2022\/09\/Noce-europeo_100anni_serbia_NEO1830SRB_01_723x920_icona-550x550.jpg 550w, https:\/\/www.tabulawoods.it\/wp-content\/uploads\/2022\/09\/Noce-europeo_100anni_serbia_NEO1830SRB_01_723x920_icona-150x150.jpg 150w, https:\/\/www.tabulawoods.it\/wp-content\/uploads\/2022\/09\/Noce-europeo_100anni_serbia_NEO1830SRB_01_723x920_icona-300x300.jpg 300w, https:\/\/www.tabulawoods.it\/wp-content\/uploads\/2022\/09\/Noce-europeo_100anni_serbia_NEO1830SRB_01_723x920_icona-100x100.jpg 100w\" sizes=\"auto, (max-width: 550px) 100vw, 550px\" \/><\/div>\n<div class=\"qodef-pli-text-holder\" >\n\t<div class=\"qodef-pli-text-wrapper\">\n\t\t<div class=\"qodef-pli-text\">\n\t\t\t\t<h6 itemprop=\"name\" class=\"qodef-pli-title entry-title\" style=\"text-transform: uppercase\">\n\t\tTisch aus europ\u00e4ischem Nussbaum (100 Jahre)\t<\/h6>\n\n\t\t\t\n\t\t\t\n\t\t\t\t<p itemprop=\"description\" class=\"qodef-pli-excerpt\">100 Jahre\r\n\r\n100 x 200 x H75\u00a0cm<\/p>\n\t\t<\/div>\n\t<\/div>\n<\/div>\n\t\t<a itemprop=\"url\" class=\"qodef-pli-link qodef-block-drag-link\" href=\"https:\/\/www.tabulawoods.it\/de\/portfolio-item\/tisch-aus-europaischem-nussbaum-100-jahre\/\" target=\"_self\"><\/a>\n\t<\/div>\n<\/article><article class=\"qodef-pl-item qodef-item-space  post-9363 portfolio-item type-portfolio-item status-publish has-post-thumbnail hentry portfolio-category-unser-portfolio portfolio-tag-europaischer-nussbaum\">\n\t<div class=\"qodef-pl-item-inner\">\n\t\t<div class=\"qodef-pli-image\">\n\t<img loading=\"lazy\" decoding=\"async\" width=\"550\" height=\"550\" src=\"https:\/\/www.tabulawoods.it\/wp-content\/uploads\/2022\/09\/Noce-europeo_150anni_serbia_NEP1937SRB_723x920_icona-550x550.jpg\" class=\"attachment-dessau_select_square size-dessau_select_square wp-post-image\" alt=\"\" srcset=\"https:\/\/www.tabulawoods.it\/wp-content\/uploads\/2022\/09\/Noce-europeo_150anni_serbia_NEP1937SRB_723x920_icona-550x550.jpg 550w, https:\/\/www.tabulawoods.it\/wp-content\/uploads\/2022\/09\/Noce-europeo_150anni_serbia_NEP1937SRB_723x920_icona-150x150.jpg 150w, https:\/\/www.tabulawoods.it\/wp-content\/uploads\/2022\/09\/Noce-europeo_150anni_serbia_NEP1937SRB_723x920_icona-300x300.jpg 300w, https:\/\/www.tabulawoods.it\/wp-content\/uploads\/2022\/09\/Noce-europeo_150anni_serbia_NEP1937SRB_723x920_icona-100x100.jpg 100w\" sizes=\"auto, (max-width: 550px) 100vw, 550px\" \/><\/div>\n<div class=\"qodef-pli-text-holder\" >\n\t<div class=\"qodef-pli-text-wrapper\">\n\t\t<div class=\"qodef-pli-text\">\n\t\t\t\t<h6 itemprop=\"name\" class=\"qodef-pli-title entry-title\" style=\"text-transform: uppercase\">\n\t\tTisch aus europ\u00e4ischem Nussbaum (150 Jahre)\t<\/h6>\n\n\t\t\t\n\t\t\t\n\t\t\t\t<p itemprop=\"description\" class=\"qodef-pli-excerpt\">150 Jahre\r\n\r\n110 x 300 x H75\u00a0cm<\/p>\n\t\t<\/div>\n\t<\/div>\n<\/div>\n\t\t<a itemprop=\"url\" class=\"qodef-pli-link qodef-block-drag-link\" href=\"https:\/\/www.tabulawoods.it\/de\/portfolio-item\/tisch-aus-europaischem-nussbaum-150-jahre\/\" target=\"_self\"><\/a>\n\t<\/div>\n<\/article><article class=\"qodef-pl-item qodef-item-space  post-9364 portfolio-item type-portfolio-item status-publish has-post-thumbnail hentry portfolio-category-unser-portfolio portfolio-tag-europaischer-nussbaum\">\n\t<div class=\"qodef-pl-item-inner\">\n\t\t<div class=\"qodef-pli-image\">\n\t<img loading=\"lazy\" decoding=\"async\" width=\"550\" height=\"550\" src=\"https:\/\/www.tabulawoods.it\/wp-content\/uploads\/2022\/09\/Noce-europeo_180anni_serbia_NEP1703SRB_723x920_icona-550x550.jpg\" class=\"attachment-dessau_select_square size-dessau_select_square wp-post-image\" alt=\"\" srcset=\"https:\/\/www.tabulawoods.it\/wp-content\/uploads\/2022\/09\/Noce-europeo_180anni_serbia_NEP1703SRB_723x920_icona-550x550.jpg 550w, https:\/\/www.tabulawoods.it\/wp-content\/uploads\/2022\/09\/Noce-europeo_180anni_serbia_NEP1703SRB_723x920_icona-150x150.jpg 150w, https:\/\/www.tabulawoods.it\/wp-content\/uploads\/2022\/09\/Noce-europeo_180anni_serbia_NEP1703SRB_723x920_icona-300x300.jpg 300w, https:\/\/www.tabulawoods.it\/wp-content\/uploads\/2022\/09\/Noce-europeo_180anni_serbia_NEP1703SRB_723x920_icona-100x100.jpg 100w\" sizes=\"auto, (max-width: 550px) 100vw, 550px\" \/><\/div>\n<div class=\"qodef-pli-text-holder\" >\n\t<div class=\"qodef-pli-text-wrapper\">\n\t\t<div class=\"qodef-pli-text\">\n\t\t\t\t<h6 itemprop=\"name\" class=\"qodef-pli-title entry-title\" style=\"text-transform: uppercase\">\n\t\tTisch aus europ\u00e4ischem Nussbaum (180 Jahre)\t<\/h6>\n\n\t\t\t\n\t\t\t\n\t\t\t\t<p itemprop=\"description\" class=\"qodef-pli-excerpt\">180 Jahre\r\n\r\n90 x 250 x H74\u00a0cm<\/p>\n\t\t<\/div>\n\t<\/div>\n<\/div>\n\t\t<a itemprop=\"url\" class=\"qodef-pli-link qodef-block-drag-link\" href=\"https:\/\/www.tabulawoods.it\/de\/portfolio-item\/tisch-aus-europaischem-nussbaum-180-jahre\/\" target=\"_self\"><\/a>\n\t<\/div>\n<\/article><article class=\"qodef-pl-item qodef-item-space  post-9374 portfolio-item type-portfolio-item status-publish has-post-thumbnail hentry portfolio-category-unser-portfolio portfolio-tag-europaischer-nussbaum\">\n\t<div class=\"qodef-pl-item-inner\">\n\t\t<div class=\"qodef-pli-image\">\n\t<img loading=\"lazy\" decoding=\"async\" width=\"550\" height=\"550\" src=\"https:\/\/www.tabulawoods.it\/wp-content\/uploads\/2022\/12\/Noce-europeo-NEP2246SLO_02_732_920-550x550.jpg\" class=\"attachment-dessau_select_square size-dessau_select_square wp-post-image\" alt=\"\" srcset=\"https:\/\/www.tabulawoods.it\/wp-content\/uploads\/2022\/12\/Noce-europeo-NEP2246SLO_02_732_920-550x550.jpg 550w, https:\/\/www.tabulawoods.it\/wp-content\/uploads\/2022\/12\/Noce-europeo-NEP2246SLO_02_732_920-150x150.jpg 150w, https:\/\/www.tabulawoods.it\/wp-content\/uploads\/2022\/12\/Noce-europeo-NEP2246SLO_02_732_920-300x300.jpg 300w, https:\/\/www.tabulawoods.it\/wp-content\/uploads\/2022\/12\/Noce-europeo-NEP2246SLO_02_732_920-100x100.jpg 100w\" sizes=\"auto, (max-width: 550px) 100vw, 550px\" \/><\/div>\n<div class=\"qodef-pli-text-holder\" >\n\t<div class=\"qodef-pli-text-wrapper\">\n\t\t<div class=\"qodef-pli-text\">\n\t\t\t\t<h6 itemprop=\"name\" class=\"qodef-pli-title entry-title\" style=\"text-transform: uppercase\">\n\t\tTisch aus europ\u00e4ischem Nussbaum (80 Jahre)\t<\/h6>\n\n\t\t\t\n\t\t\t\n\t\t\t\t<p itemprop=\"description\" class=\"qodef-pli-excerpt\">80 Jahre\r\n\r\n110\/115 x 340 x H75\u00a0cm<\/p>\n\t\t<\/div>\n\t<\/div>\n<\/div>\n\t\t<a itemprop=\"url\" class=\"qodef-pli-link qodef-block-drag-link\" href=\"https:\/\/www.tabulawoods.it\/de\/portfolio-item\/tisch-aus-europaischem-nussbaum-80-jahre\/\" target=\"_self\"><\/a>\n\t<\/div>\n<\/article><article class=\"qodef-pl-item qodef-item-space  post-9375 portfolio-item type-portfolio-item status-publish has-post-thumbnail hentry portfolio-category-unser-portfolio portfolio-tag-europaischer-nussbaum\">\n\t<div class=\"qodef-pl-item-inner\">\n\t\t<div class=\"qodef-pli-image\">\n\t<img loading=\"lazy\" decoding=\"async\" width=\"550\" height=\"550\" src=\"https:\/\/www.tabulawoods.it\/wp-content\/uploads\/2022\/12\/Noce-unica-e-resina-MP38NE_01_732_920-1-550x550.jpg\" class=\"attachment-dessau_select_square size-dessau_select_square wp-post-image\" alt=\"\" srcset=\"https:\/\/www.tabulawoods.it\/wp-content\/uploads\/2022\/12\/Noce-unica-e-resina-MP38NE_01_732_920-1-550x550.jpg 550w, https:\/\/www.tabulawoods.it\/wp-content\/uploads\/2022\/12\/Noce-unica-e-resina-MP38NE_01_732_920-1-150x150.jpg 150w, https:\/\/www.tabulawoods.it\/wp-content\/uploads\/2022\/12\/Noce-unica-e-resina-MP38NE_01_732_920-1-300x300.jpg 300w, https:\/\/www.tabulawoods.it\/wp-content\/uploads\/2022\/12\/Noce-unica-e-resina-MP38NE_01_732_920-1-100x100.jpg 100w\" sizes=\"auto, (max-width: 550px) 100vw, 550px\" \/><\/div>\n<div class=\"qodef-pli-text-holder\" >\n\t<div class=\"qodef-pli-text-wrapper\">\n\t\t<div class=\"qodef-pli-text\">\n\t\t\t\t<h6 itemprop=\"name\" class=\"qodef-pli-title entry-title\" style=\"text-transform: uppercase\">\n\t\tTisch aus europ\u00e4ischem Nussbaum und Harz (80 Jahre)\t<\/h6>\n\n\t\t\t\n\t\t\t\n\t\t\t\t<p itemprop=\"description\" class=\"qodef-pli-excerpt\">80 Jahre\r\n\r\n92 x 180 x H75\u00a0cm<\/p>\n\t\t<\/div>\n\t<\/div>\n<\/div>\n\t\t<a itemprop=\"url\" class=\"qodef-pli-link qodef-block-drag-link\" href=\"https:\/\/www.tabulawoods.it\/de\/portfolio-item\/tisch-aus-europaischem-nussbaum-und-harz-80-jahre\/\" target=\"_self\"><\/a>\n\t<\/div>\n<\/article><article class=\"qodef-pl-item qodef-item-space  post-9379 portfolio-item type-portfolio-item status-publish has-post-thumbnail hentry portfolio-category-unser-portfolio portfolio-tag-europaischer-nussbaum\">\n\t<div class=\"qodef-pl-item-inner\">\n\t\t<div class=\"qodef-pli-image\">\n\t<img loading=\"lazy\" decoding=\"async\" width=\"550\" height=\"550\" src=\"https:\/\/www.tabulawoods.it\/wp-content\/uploads\/2022\/12\/Noce-plurima-NEP2120SRB_03_732_920-1-550x550.jpg\" class=\"attachment-dessau_select_square size-dessau_select_square wp-post-image\" alt=\"\" srcset=\"https:\/\/www.tabulawoods.it\/wp-content\/uploads\/2022\/12\/Noce-plurima-NEP2120SRB_03_732_920-1-550x550.jpg 550w, https:\/\/www.tabulawoods.it\/wp-content\/uploads\/2022\/12\/Noce-plurima-NEP2120SRB_03_732_920-1-150x150.jpg 150w, https:\/\/www.tabulawoods.it\/wp-content\/uploads\/2022\/12\/Noce-plurima-NEP2120SRB_03_732_920-1-300x300.jpg 300w, https:\/\/www.tabulawoods.it\/wp-content\/uploads\/2022\/12\/Noce-plurima-NEP2120SRB_03_732_920-1-100x100.jpg 100w\" sizes=\"auto, (max-width: 550px) 100vw, 550px\" \/><\/div>\n<div class=\"qodef-pli-text-holder\" >\n\t<div class=\"qodef-pli-text-wrapper\">\n\t\t<div class=\"qodef-pli-text\">\n\t\t\t\t<h6 itemprop=\"name\" class=\"qodef-pli-title entry-title\" style=\"text-transform: uppercase\">\n\t\tTisch aus europ\u00e4ischem Nussbaum (70 Jahre)\t<\/h6>\n\n\t\t\t\n\t\t\t\n\t\t\t\t<p itemprop=\"description\" class=\"qodef-pli-excerpt\">70 Jahre\r\n\r\n90\/98 x 250 x H75\u00a0cm<\/p>\n\t\t<\/div>\n\t<\/div>\n<\/div>\n\t\t<a itemprop=\"url\" class=\"qodef-pli-link qodef-block-drag-link\" href=\"https:\/\/www.tabulawoods.it\/de\/portfolio-item\/tisch-aus-europaischem-nussbaum-70-jahre\/\" target=\"_self\"><\/a>\n\t<\/div>\n<\/article>\t\t<\/div>\n\t\n\t<\/div>[\/vc_column_inner][\/vc_row_inner][\/vc_column][\/vc_row][vc_row full_width=&#8220;stretch_row&#8220; equal_height=&#8220;yes&#8220; content_placement=&#8220;middle&#8220; css=&#8220;.vc_custom_1659565793157{margin-top: 20px !important;padding-top: 40px !important;padding-bottom: 40px !important;}&#8220;][vc_column][vc_custom_heading text=&#8220;UNSERE S\u00c4GERAUE STAMMBOHLEN IN EUROP\u00c4ISCHER WALNUSS&#8220; font_container=&#8220;tag:p|font_size:48px|text_align:left|color:%23000000|line_height:1.5em&#8220; google_fonts=&#8220;font_family:Open%20Sans%3A300%2C300italic%2Cregular%2Citalic%2C600%2C600italic%2C700%2C700italic%2C800%2C800italic|font_style:300%20light%20regular%3A300%3Anormal&#8220;][vc_custom_heading text=&#8220;Die verf\u00fcgbaren s\u00e4geraue Stammbohlene dieser Holzart warten darauf, von Ihnen entdeckt zu werden.&#8220; font_container=&#8220;tag:p|font_size:16px|text_align:left|color:%23000000|line_height:1.5em&#8220; google_fonts=&#8220;font_family:Open%20Sans%3A300%2C300italic%2Cregular%2Citalic%2C600%2C600italic%2C700%2C700italic%2C800%2C800italic|font_style:300%20light%20regular%3A300%3Anormal&#8220;][vc_masonry_grid post_type=&#8220;assi_grezze&#8220; max_items=&#8220;10&#8243; item=&#8220;10875&#8243; grid_id=&#8220;vc_gid:1709721219356-3f2960d9-3542-8&#8243; taxonomies=&#8220;126&#8243;][\/vc_column][\/vc_row][vc_row full_width=&#8220;stretch_row_content_no_spaces&#8220; content_placement=&#8220;middle&#8220; content_text_aligment=&#8220;center&#8220; css=&#8220;.vc_custom_1659564524802{padding-top: 93px !important;padding-bottom: 91px !important;}&#8220; simple_background_color=&#8220;#991b30&#8243;][vc_column][vc_row_inner content_placement=&#8220;middle&#8220; row_content_width=&#8220;grid&#8220; content_text_aligment=&#8220;center&#8220;][vc_column_inner][vc_custom_heading text=&#8220;KREIEREN WIR GEMEINSAM&#8220; font_container=&#8220;tag:p|font_size:54px|text_align:center|color:%23ffffff|line_height:1.5em&#8220; google_fonts=&#8220;font_family:Open%20Sans%3A300%2C300italic%2Cregular%2Citalic%2C600%2C600italic%2C700%2C700italic%2C800%2C800italic|font_style:300%20light%20regular%3A300%3Anormal&#8220;][vc_empty_space height=&#8220;14px&#8220;][vc_custom_heading text=&#8220;eine auf ein einzelnes Exemplar limitierte Auflage: Ihr Tisch oder M\u00f6belst\u00fcck&#8220; font_container=&#8220;tag:p|font_size:18px|text_align:center|color:%23ffffff|line_height:1.5em&#8220; google_fonts=&#8220;font_family:Open%20Sans%3A300%2C300italic%2Cregular%2Citalic%2C600%2C600italic%2C700%2C700italic%2C800%2C800italic|font_style:300%20light%20regular%3A300%3Anormal&#8220;][vc_empty_space height=&#8220;38px&#8220;]<a itemprop=\"url\" href=\"#\" target=\"_self\" style=\"color: #ffffff;background-color: #2c2022\" class=\"qodef-btn qodef-btn-large qodef-btn-solid\"  >\n\t        <span class=\"qodef-btn-text\">CONTATTACI<\/span>\n            <\/a>[vc_empty_space height=&#8220;39px&#8220;][\/vc_column_inner][\/vc_row_inner][\/vc_column][\/vc_row]<\/p>\n<\/div>","protected":false},"excerpt":{"rendered":"<p>[vc_row full_width=&#8220;stretch_row_content_no_spaces&#8220; full_height=&#8220;yes&#8220; columns_placement=&#8220;top&#8220; parallax=&#8220;content-moving&#8220; css=&#8220;.vc_custom_1709610915376{padding-top: 0px !important;}&#8220; el_class=&#8220;slide-assi-grezze&#8220;][vc_column css=&#8220;.vc_custom_1709610939825{padding-top: 0px !important;}&#8220;][vc_column_text el_class=&#8220;assi-grezze-slider-content&#8220;] Europ\u00e4ischer Nussbaum Langlebig und mit einer guten F\u00e4higkeit, Verformungen \u00fcber die Zeit zu widerstehen.[\/vc_column_text][\/vc_column][\/vc_row][vc_row content_placement=&#8220;middle&#8220; css=&#8220;.vc_custom_1663967520579{margin-top: 60px !important;}&#8220;][vc_column width=&#8220;1\/2&#8243;][vc_single_image image=&#8220;6127&#8243; img_size=&#8220;full&#8220;][\/vc_column][vc_column width=&#8220;1\/2&#8243; css=&#8220;.vc_custom_1663598352676{padding-right: 30px !important;padding-left: 30px !important;}&#8220;][vc_column_text] Der Baum Es scheint, dass dieser Baum w\u00e4hrend der Bronzezeit [&hellip;]<\/p>\n","protected":false},"author":2,"featured_media":8463,"menu_order":0,"comment_status":"closed","ping_status":"closed","template":"","class_list":["post-9382","portfolio-item","type-portfolio-item","status-publish","has-post-thumbnail","hentry","portfolio-category-holzarten","portfolio-tag-europaischer-nussbaum"],"acf":[],"yoast_head":"<!-- This site is optimized with the Yoast SEO plugin v27.5 - https:\/\/yoast.com\/product\/yoast-seo-wordpress\/ -->\n<title>Europ\u00e4ischer Nussbaum | Tabula Woods<\/title>\n<meta name=\"robots\" content=\"index, follow, max-snippet:-1, max-image-preview:large, max-video-preview:-1\" \/>\n<link rel=\"canonical\" href=\"https:\/\/www.tabulawoods.it\/de\/portfolio-item\/europaischer-nussbaum\/\" \/>\n<meta property=\"og:locale\" content=\"de_DE\" \/>\n<meta property=\"og:type\" content=\"article\" \/>\n<meta property=\"og:title\" content=\"Europ\u00e4ischer Nussbaum | Tabula Woods\" \/>\n<meta property=\"og:description\" content=\"[vc_row full_width=&#8220;stretch_row_content_no_spaces&#8220; full_height=&#8220;yes&#8220; columns_placement=&#8220;top&#8220; parallax=&#8220;content-moving&#8220; css=&#8220;.vc_custom_1709610915376{padding-top: 0px !important;}&#8220; el_class=&#8220;slide-assi-grezze&#8220;][vc_column css=&#8220;.vc_custom_1709610939825{padding-top: 0px !important;}&#8220;][vc_column_text el_class=&#8220;assi-grezze-slider-content&#8220;] Europ\u00e4ischer Nussbaum Langlebig und mit einer guten F\u00e4higkeit, Verformungen \u00fcber die Zeit zu widerstehen.[\/vc_column_text][\/vc_column][\/vc_row][vc_row content_placement=&#8220;middle&#8220; css=&#8220;.vc_custom_1663967520579{margin-top: 60px !important;}&#8220;][vc_column width=&#8220;1\/2&#8243;][vc_single_image image=&#8220;6127&#8243; img_size=&#8220;full&#8220;][\/vc_column][vc_column width=&#8220;1\/2&#8243; css=&#8220;.vc_custom_1663598352676{padding-right: 30px !important;padding-left: 30px !important;}&#8220;][vc_column_text] Der Baum Es scheint, dass dieser Baum w\u00e4hrend der Bronzezeit [&hellip;]\" \/>\n<meta property=\"og:url\" content=\"https:\/\/www.tabulawoods.it\/de\/portfolio-item\/europaischer-nussbaum\/\" \/>\n<meta property=\"og:site_name\" content=\"Tabula Woods\" \/>\n<meta property=\"article:publisher\" content=\"https:\/\/www.facebook.com\/tabulawoods\/\" \/>\n<meta property=\"article:modified_time\" content=\"2024-03-06T10:34:14+00:00\" \/>\n<meta property=\"og:image\" content=\"https:\/\/www.tabulawoods.it\/wp-content\/uploads\/2022\/09\/Noce-europeo_500x500.jpg\" \/>\n\t<meta property=\"og:image:width\" content=\"1211\" \/>\n\t<meta property=\"og:image:height\" content=\"1000\" \/>\n\t<meta property=\"og:image:type\" content=\"image\/jpeg\" \/>\n<meta name=\"twitter:card\" content=\"summary_large_image\" \/>\n<meta name=\"twitter:label1\" content=\"Gesch\u00e4tzte Lesezeit\" \/>\n\t<meta name=\"twitter:data1\" content=\"5\u00a0Minuten\" \/>\n<script type=\"application\/ld+json\" class=\"yoast-schema-graph\">{\"@context\":\"https:\\\/\\\/schema.org\",\"@graph\":[{\"@type\":\"WebPage\",\"@id\":\"https:\\\/\\\/www.tabulawoods.it\\\/de\\\/portfolio-item\\\/europaischer-nussbaum\\\/\",\"url\":\"https:\\\/\\\/www.tabulawoods.it\\\/de\\\/portfolio-item\\\/europaischer-nussbaum\\\/\",\"name\":\"Europ\u00e4ischer Nussbaum | Tabula Woods\",\"isPartOf\":{\"@id\":\"https:\\\/\\\/www.tabulawoods.it\\\/it\\\/#website\"},\"primaryImageOfPage\":{\"@id\":\"https:\\\/\\\/www.tabulawoods.it\\\/de\\\/portfolio-item\\\/europaischer-nussbaum\\\/#primaryimage\"},\"image\":{\"@id\":\"https:\\\/\\\/www.tabulawoods.it\\\/de\\\/portfolio-item\\\/europaischer-nussbaum\\\/#primaryimage\"},\"thumbnailUrl\":\"https:\\\/\\\/www.tabulawoods.it\\\/wp-content\\\/uploads\\\/2022\\\/09\\\/Noce-europeo_500x500.jpg\",\"datePublished\":\"2023-02-15T11:31:44+00:00\",\"dateModified\":\"2024-03-06T10:34:14+00:00\",\"breadcrumb\":{\"@id\":\"https:\\\/\\\/www.tabulawoods.it\\\/de\\\/portfolio-item\\\/europaischer-nussbaum\\\/#breadcrumb\"},\"inLanguage\":\"de\",\"potentialAction\":[{\"@type\":\"ReadAction\",\"target\":[\"https:\\\/\\\/www.tabulawoods.it\\\/de\\\/portfolio-item\\\/europaischer-nussbaum\\\/\"]}]},{\"@type\":\"ImageObject\",\"inLanguage\":\"de\",\"@id\":\"https:\\\/\\\/www.tabulawoods.it\\\/de\\\/portfolio-item\\\/europaischer-nussbaum\\\/#primaryimage\",\"url\":\"https:\\\/\\\/www.tabulawoods.it\\\/wp-content\\\/uploads\\\/2022\\\/09\\\/Noce-europeo_500x500.jpg\",\"contentUrl\":\"https:\\\/\\\/www.tabulawoods.it\\\/wp-content\\\/uploads\\\/2022\\\/09\\\/Noce-europeo_500x500.jpg\",\"width\":1211,\"height\":1000},{\"@type\":\"BreadcrumbList\",\"@id\":\"https:\\\/\\\/www.tabulawoods.it\\\/de\\\/portfolio-item\\\/europaischer-nussbaum\\\/#breadcrumb\",\"itemListElement\":[{\"@type\":\"ListItem\",\"position\":1,\"name\":\"Home\",\"item\":\"https:\\\/\\\/www.tabulawoods.it\\\/de\\\/\"},{\"@type\":\"ListItem\",\"position\":2,\"name\":\"Dessau Portfolio\",\"item\":\"https:\\\/\\\/www.tabulawoods.it\\\/de\\\/portfolio-item\\\/\"},{\"@type\":\"ListItem\",\"position\":3,\"name\":\"Europ\u00e4ischer Nussbaum\"}]},{\"@type\":\"WebSite\",\"@id\":\"https:\\\/\\\/www.tabulawoods.it\\\/it\\\/#website\",\"url\":\"https:\\\/\\\/www.tabulawoods.it\\\/it\\\/\",\"name\":\"Tabula Woods\",\"description\":\"Natural limited edition - Ecodesign made in Italy\",\"publisher\":{\"@id\":\"https:\\\/\\\/www.tabulawoods.it\\\/it\\\/#organization\"},\"potentialAction\":[{\"@type\":\"SearchAction\",\"target\":{\"@type\":\"EntryPoint\",\"urlTemplate\":\"https:\\\/\\\/www.tabulawoods.it\\\/it\\\/?s={search_term_string}\"},\"query-input\":{\"@type\":\"PropertyValueSpecification\",\"valueRequired\":true,\"valueName\":\"search_term_string\"}}],\"inLanguage\":\"de\"},{\"@type\":\"Organization\",\"@id\":\"https:\\\/\\\/www.tabulawoods.it\\\/it\\\/#organization\",\"name\":\"TABULA Woods\",\"url\":\"https:\\\/\\\/www.tabulawoods.it\\\/it\\\/\",\"logo\":{\"@type\":\"ImageObject\",\"inLanguage\":\"de\",\"@id\":\"https:\\\/\\\/www.tabulawoods.it\\\/it\\\/#\\\/schema\\\/logo\\\/image\\\/\",\"url\":\"https:\\\/\\\/www.tabulawoods.it\\\/wp-content\\\/uploads\\\/2022\\\/06\\\/Tabula_logo_pos_h100.png\",\"contentUrl\":\"https:\\\/\\\/www.tabulawoods.it\\\/wp-content\\\/uploads\\\/2022\\\/06\\\/Tabula_logo_pos_h100.png\",\"width\":425,\"height\":100,\"caption\":\"TABULA Woods\"},\"image\":{\"@id\":\"https:\\\/\\\/www.tabulawoods.it\\\/it\\\/#\\\/schema\\\/logo\\\/image\\\/\"},\"sameAs\":[\"https:\\\/\\\/www.facebook.com\\\/tabulawoods\\\/\",\"https:\\\/\\\/www.instagram.com\\\/natural_limited_edition\\\/\"]}]}<\/script>\n<!-- \/ Yoast SEO plugin. -->","yoast_head_json":{"title":"Europ\u00e4ischer Nussbaum | Tabula Woods","robots":{"index":"index","follow":"follow","max-snippet":"max-snippet:-1","max-image-preview":"max-image-preview:large","max-video-preview":"max-video-preview:-1"},"canonical":"https:\/\/www.tabulawoods.it\/de\/portfolio-item\/europaischer-nussbaum\/","og_locale":"de_DE","og_type":"article","og_title":"Europ\u00e4ischer Nussbaum | Tabula Woods","og_description":"[vc_row full_width=&#8220;stretch_row_content_no_spaces&#8220; full_height=&#8220;yes&#8220; columns_placement=&#8220;top&#8220; parallax=&#8220;content-moving&#8220; css=&#8220;.vc_custom_1709610915376{padding-top: 0px !important;}&#8220; el_class=&#8220;slide-assi-grezze&#8220;][vc_column css=&#8220;.vc_custom_1709610939825{padding-top: 0px !important;}&#8220;][vc_column_text el_class=&#8220;assi-grezze-slider-content&#8220;] Europ\u00e4ischer Nussbaum Langlebig und mit einer guten F\u00e4higkeit, Verformungen \u00fcber die Zeit zu widerstehen.[\/vc_column_text][\/vc_column][\/vc_row][vc_row content_placement=&#8220;middle&#8220; css=&#8220;.vc_custom_1663967520579{margin-top: 60px !important;}&#8220;][vc_column width=&#8220;1\/2&#8243;][vc_single_image image=&#8220;6127&#8243; img_size=&#8220;full&#8220;][\/vc_column][vc_column width=&#8220;1\/2&#8243; css=&#8220;.vc_custom_1663598352676{padding-right: 30px !important;padding-left: 30px !important;}&#8220;][vc_column_text] Der Baum Es scheint, dass dieser Baum w\u00e4hrend der Bronzezeit [&hellip;]","og_url":"https:\/\/www.tabulawoods.it\/de\/portfolio-item\/europaischer-nussbaum\/","og_site_name":"Tabula Woods","article_publisher":"https:\/\/www.facebook.com\/tabulawoods\/","article_modified_time":"2024-03-06T10:34:14+00:00","og_image":[{"width":1211,"height":1000,"url":"https:\/\/www.tabulawoods.it\/wp-content\/uploads\/2022\/09\/Noce-europeo_500x500.jpg","type":"image\/jpeg"}],"twitter_card":"summary_large_image","twitter_misc":{"Gesch\u00e4tzte Lesezeit":"5\u00a0Minuten"},"schema":{"@context":"https:\/\/schema.org","@graph":[{"@type":"WebPage","@id":"https:\/\/www.tabulawoods.it\/de\/portfolio-item\/europaischer-nussbaum\/","url":"https:\/\/www.tabulawoods.it\/de\/portfolio-item\/europaischer-nussbaum\/","name":"Europ\u00e4ischer Nussbaum | Tabula Woods","isPartOf":{"@id":"https:\/\/www.tabulawoods.it\/it\/#website"},"primaryImageOfPage":{"@id":"https:\/\/www.tabulawoods.it\/de\/portfolio-item\/europaischer-nussbaum\/#primaryimage"},"image":{"@id":"https:\/\/www.tabulawoods.it\/de\/portfolio-item\/europaischer-nussbaum\/#primaryimage"},"thumbnailUrl":"https:\/\/www.tabulawoods.it\/wp-content\/uploads\/2022\/09\/Noce-europeo_500x500.jpg","datePublished":"2023-02-15T11:31:44+00:00","dateModified":"2024-03-06T10:34:14+00:00","breadcrumb":{"@id":"https:\/\/www.tabulawoods.it\/de\/portfolio-item\/europaischer-nussbaum\/#breadcrumb"},"inLanguage":"de","potentialAction":[{"@type":"ReadAction","target":["https:\/\/www.tabulawoods.it\/de\/portfolio-item\/europaischer-nussbaum\/"]}]},{"@type":"ImageObject","inLanguage":"de","@id":"https:\/\/www.tabulawoods.it\/de\/portfolio-item\/europaischer-nussbaum\/#primaryimage","url":"https:\/\/www.tabulawoods.it\/wp-content\/uploads\/2022\/09\/Noce-europeo_500x500.jpg","contentUrl":"https:\/\/www.tabulawoods.it\/wp-content\/uploads\/2022\/09\/Noce-europeo_500x500.jpg","width":1211,"height":1000},{"@type":"BreadcrumbList","@id":"https:\/\/www.tabulawoods.it\/de\/portfolio-item\/europaischer-nussbaum\/#breadcrumb","itemListElement":[{"@type":"ListItem","position":1,"name":"Home","item":"https:\/\/www.tabulawoods.it\/de\/"},{"@type":"ListItem","position":2,"name":"Dessau Portfolio","item":"https:\/\/www.tabulawoods.it\/de\/portfolio-item\/"},{"@type":"ListItem","position":3,"name":"Europ\u00e4ischer Nussbaum"}]},{"@type":"WebSite","@id":"https:\/\/www.tabulawoods.it\/it\/#website","url":"https:\/\/www.tabulawoods.it\/it\/","name":"Tabula Woods","description":"Natural limited edition - Ecodesign made in Italy","publisher":{"@id":"https:\/\/www.tabulawoods.it\/it\/#organization"},"potentialAction":[{"@type":"SearchAction","target":{"@type":"EntryPoint","urlTemplate":"https:\/\/www.tabulawoods.it\/it\/?s={search_term_string}"},"query-input":{"@type":"PropertyValueSpecification","valueRequired":true,"valueName":"search_term_string"}}],"inLanguage":"de"},{"@type":"Organization","@id":"https:\/\/www.tabulawoods.it\/it\/#organization","name":"TABULA Woods","url":"https:\/\/www.tabulawoods.it\/it\/","logo":{"@type":"ImageObject","inLanguage":"de","@id":"https:\/\/www.tabulawoods.it\/it\/#\/schema\/logo\/image\/","url":"https:\/\/www.tabulawoods.it\/wp-content\/uploads\/2022\/06\/Tabula_logo_pos_h100.png","contentUrl":"https:\/\/www.tabulawoods.it\/wp-content\/uploads\/2022\/06\/Tabula_logo_pos_h100.png","width":425,"height":100,"caption":"TABULA Woods"},"image":{"@id":"https:\/\/www.tabulawoods.it\/it\/#\/schema\/logo\/image\/"},"sameAs":["https:\/\/www.facebook.com\/tabulawoods\/","https:\/\/www.instagram.com\/natural_limited_edition\/"]}]}},"_links":{"self":[{"href":"https:\/\/www.tabulawoods.it\/de\/wp-json\/wp\/v2\/portfolio_item\/9382","targetHints":{"allow":["GET"]}}],"collection":[{"href":"https:\/\/www.tabulawoods.it\/de\/wp-json\/wp\/v2\/portfolio_item"}],"about":[{"href":"https:\/\/www.tabulawoods.it\/de\/wp-json\/wp\/v2\/types\/portfolio-item"}],"author":[{"embeddable":true,"href":"https:\/\/www.tabulawoods.it\/de\/wp-json\/wp\/v2\/users\/2"}],"replies":[{"embeddable":true,"href":"https:\/\/www.tabulawoods.it\/de\/wp-json\/wp\/v2\/comments?post=9382"}],"wp:featuredmedia":[{"embeddable":true,"href":"https:\/\/www.tabulawoods.it\/de\/wp-json\/wp\/v2\/media\/8463"}],"wp:attachment":[{"href":"https:\/\/www.tabulawoods.it\/de\/wp-json\/wp\/v2\/media?parent=9382"}],"curies":[{"name":"wp","href":"https:\/\/api.w.org\/{rel}","templated":true}]}}