{"id":6817,"date":"2022-09-26T06:00:40","date_gmt":"2022-09-26T06:00:40","guid":{"rendered":"https:\/\/www.tabulawoods.it:81\/?post_type=portfolio-item&#038;p=6817"},"modified":"2024-03-05T06:59:36","modified_gmt":"2024-03-05T05:59:36","slug":"noce-canaletto-europeo","status":"publish","type":"portfolio-item","link":"https:\/\/www.tabulawoods.it\/it\/portfolio-item\/noce-canaletto-europeo\/","title":{"rendered":"Noce Canaletto Europeo"},"content":{"rendered":"<div class=\"wpb-content-wrapper\"><p>[vc_row full_width=&#8221;stretch_row_content_no_spaces&#8221; full_height=&#8221;yes&#8221; columns_placement=&#8221;top&#8221; parallax=&#8221;content-moving&#8221; css=&#8221;.vc_custom_1709610915376{padding-top: 0px !important;}&#8221; el_class=&#8221;slide-assi-grezze&#8221;][vc_column css=&#8221;.vc_custom_1709610939825{padding-top: 0px !important;}&#8221;]<div class=\"qodef-full-screen-image-slider slide-assi-grezze-slide\">\n\t<div class=\"qodef-fsis-slider qodef-owl-slider\" data-number-of-items=\"1\" data-enable-loop=\"yes\" data-enable-autoplay=\"yes\" data-enable-autoplay-hover-pause=\"yes\" data-slider-padding=\"no\" data-slider-speed=\"6000\" data-slider-speed-animation=\"1000\" data-enable-navigation=\"yes\" data-enable-pagination=\"yes\">\n\t\t<div class=\"qodef-fsis-item\">\n\t<div class=\"qodef-fsis-image\" style=\"background-image: url(https:\/\/www.tabulawoods.it\/wp-content\/uploads\/2023\/01\/Noce_canaletto_europeo_284485547_2000x1333.jpg)\">\n\t\t<div class=\"qodef-fsis-image-wrapper\">\n\t\t\t<div class=\"qodef-fsis-image-inner\">\n\t\t\t\t\t\t\t\t\t\t\t\t\t\t\t\t\t\t\t\t\t\t\t<\/div>\n\t\t<\/div>\n\t<\/div>\n\t<div class=\"qodef-fsis-frame qodef-fsis-frame-top\"><\/div>\n\t<div class=\"qodef-fsis-frame qodef-fsis-frame-right\"><\/div>\n\t<div class=\"qodef-fsis-frame qodef-fsis-frame-bottom\"><\/div>\n\t<div class=\"qodef-fsis-frame qodef-fsis-frame-left\"><\/div>\n<\/div>\t<\/div>\n\t<div class=\"qodef-fsis-thumb-nav qodef-fsis-prev-nav\"><\/div>\n\t<div class=\"qodef-fsis-thumb-nav qodef-fsis-next-nav\"><\/div>\n\t<div class=\"qodef-fsis-slider-mask\"><\/div>\n<\/div>[vc_column_text el_class=&#8221;assi-grezze-slider-content&#8221;]<\/p>\n<h1>Noce Canaletto Europeo<\/h1>\n<p>Legno pesante, pregiato, scuro con venature lucide.[\/vc_column_text][\/vc_column][\/vc_row][vc_row content_placement=&#8221;middle&#8221; css=&#8221;.vc_custom_1663967520579{margin-top: 60px !important;}&#8221;][vc_column width=&#8221;1\/2&#8243;][vc_single_image image=&#8221;9045&#8243; img_size=&#8221;full&#8221;][\/vc_column][vc_column width=&#8221;1\/2&#8243; css=&#8221;.vc_custom_1663598352676{padding-right: 30px !important;padding-left: 30px !important;}&#8221;][vc_column_text]<\/p>\n<h3>L&#8217;albero<\/h3>\n<p><span class=\"fontstyle0\">Originaria del continente nordamericano, nel 17\u00b0 secolo la specie Juglans Nigra (Noce Canaletto) \u00e8 stata importata e coltivata anche in Europa. <\/span><\/p>\n<p><span class=\"fontstyle0\">Ha chioma ampia e di forma arrotondata, tronco eretto e corteccia rugosa, e portamento importante: raggiunge i 45 metri di altezza. <\/span><\/p>\n<p><span class=\"fontstyle0\">Necessita di una buona esposizione solare, resiste bene alle malattie e all\u2019inquinamento, perci\u00f2 in varie citt\u00e0 dell\u2019Europa centrale il Noce Canaletto \u00e8 molto usato per alberature stradali, per parchi e giardini.<\/span>[\/vc_column_text][\/vc_column][\/vc_row][vc_row content_placement=&#8221;middle&#8221; css=&#8221;.vc_custom_1663967539999{margin-top: 60px !important;}&#8221;][vc_column width=&#8221;1\/2&#8243; css=&#8221;.vc_custom_1663598395689{padding-right: 30px !important;padding-left: 30px !important;}&#8221;][vc_column_text]<\/p>\n<h3>L&#8217;essenza<\/h3>\n<p><span class=\"fontstyle0\">\u00c8 un legno estremamente pregiato, pi\u00f9 scuro, pi\u00f9 violaceo e con pi\u00f9 alburno del noce canaletto americano. <\/span><\/p>\n<p><span class=\"fontstyle0\">Se segato, assume appunto una sfumatura nera, coprendosi di venature lucide ed eleganti. <\/span><\/p>\n<p><span class=\"fontstyle0\">Viene utilizzato per mobili e impiallacciature.<\/span>[\/vc_column_text][\/vc_column][vc_column width=&#8221;1\/2&#8243;][vc_single_image image=&#8221;9048&#8243; img_size=&#8221;full&#8221;][\/vc_column][\/vc_row][vc_row full_width=&#8221;stretch_row&#8221; equal_height=&#8221;yes&#8221; content_placement=&#8221;middle&#8221; disable_element=&#8221;yes&#8221; css=&#8221;.vc_custom_1663967723179{margin-top: 50px !important;padding-top: 60px !important;padding-bottom: 80px !important;background-color: #f0f1f1 !important;}&#8221;][vc_column][vc_custom_heading text=&#8221;FINITURE&#8221; font_container=&#8221;tag:p|font_size:48px|text_align:center|color:%23000000|line_height:1.5em&#8221; google_fonts=&#8221;font_family:Open%20Sans%3A300%2C300italic%2Cregular%2Citalic%2C600%2C600italic%2C700%2C700italic%2C800%2C800italic|font_style:300%20light%20regular%3A300%3Anormal&#8221;][vc_custom_heading text=&#8221;Lorem ipsum dolor sit amet, consectetuer adipiscing elit, sed diam nonummy nibh euismod tincidunt ut laoreet dolore magna aliquam erat volutpat&#8221; font_container=&#8221;tag:p|font_size:16px|text_align:center|color:%23000000|line_height:1.5em&#8221; google_fonts=&#8221;font_family:Open%20Sans%3A300%2C300italic%2Cregular%2Citalic%2C600%2C600italic%2C700%2C700italic%2C800%2C800italic|font_style:300%20light%20regular%3A300%3Anormal&#8221;][vc_row_inner equal_height=&#8221;yes&#8221; content_placement=&#8221;middle&#8221; gap=&#8221;25&#8243; row_content_width=&#8221;grid&#8221; css=&#8221;.vc_custom_1659564846833{padding-top: 40px !important;}&#8221; el_id=&#8221;venti&#8221;][vc_column_inner width=&#8221;1\/4&#8243;]<div class=\"qodef-image-with-text-holder progetti  \">\n    <div class=\"qodef-iwt-image\">\n                                    <img loading=\"lazy\" decoding=\"async\" width=\"300\" height=\"300\" src=\"https:\/\/www.tabulawoods.it\/wp-content\/uploads\/2022\/06\/foto_14.jpg\" class=\"attachment-full size-full\" alt=\"\" srcset=\"https:\/\/www.tabulawoods.it\/wp-content\/uploads\/2022\/06\/foto_14.jpg 300w, https:\/\/www.tabulawoods.it\/wp-content\/uploads\/2022\/06\/foto_14-100x100.jpg 100w, https:\/\/www.tabulawoods.it\/wp-content\/uploads\/2022\/06\/foto_14-150x150.jpg 150w\" sizes=\"auto, (max-width: 300px) 100vw, 300px\" \/>                        <\/div>\n    <div class=\"qodef-iwt-text-holder\">\n                    <h3 class=\"qodef-iwt-title\" >FRASSINO OLIVATO GREZZO<\/h3>\n\t                <p class=\"qodef-iwt-text\" style=\"margin-top: 30px\">La fase Lorem ipsum dolor sit amet, consectetuer adipiscing elit, sed diam nonummy nibh euismod tincidunt ut laoreet dolore magna aliquam erat volutpat.<\/p>\n            <\/div>\n<\/div>[\/vc_column_inner][vc_column_inner width=&#8221;1\/4&#8243;]<div class=\"qodef-image-with-text-holder progetti  \">\n    <div class=\"qodef-iwt-image\">\n                                    <img loading=\"lazy\" decoding=\"async\" width=\"300\" height=\"300\" src=\"https:\/\/www.tabulawoods.it\/wp-content\/uploads\/2022\/06\/foto_14.jpg\" class=\"attachment-full size-full\" alt=\"\" srcset=\"https:\/\/www.tabulawoods.it\/wp-content\/uploads\/2022\/06\/foto_14.jpg 300w, https:\/\/www.tabulawoods.it\/wp-content\/uploads\/2022\/06\/foto_14-100x100.jpg 100w, https:\/\/www.tabulawoods.it\/wp-content\/uploads\/2022\/06\/foto_14-150x150.jpg 150w\" sizes=\"auto, (max-width: 300px) 100vw, 300px\" \/>                        <\/div>\n    <div class=\"qodef-iwt-text-holder\">\n                    <h3 class=\"qodef-iwt-title\" >FRASSINO OLIVATO VERNICIATURA 1<\/h3>\n\t                <p class=\"qodef-iwt-text\" style=\"margin-top: 30px\">La fase Lorem ipsum dolor sit amet, consectetuer adipiscing elit, sed diam nonummy nibh euismod tincidunt ut laoreet dolore magna aliquam erat volutpat.<\/p>\n            <\/div>\n<\/div>[\/vc_column_inner][vc_column_inner width=&#8221;1\/4&#8243;]<div class=\"qodef-image-with-text-holder progetti  \">\n    <div class=\"qodef-iwt-image\">\n                                    <img loading=\"lazy\" decoding=\"async\" width=\"300\" height=\"300\" src=\"https:\/\/www.tabulawoods.it\/wp-content\/uploads\/2022\/06\/foto_14.jpg\" class=\"attachment-full size-full\" alt=\"\" srcset=\"https:\/\/www.tabulawoods.it\/wp-content\/uploads\/2022\/06\/foto_14.jpg 300w, https:\/\/www.tabulawoods.it\/wp-content\/uploads\/2022\/06\/foto_14-100x100.jpg 100w, https:\/\/www.tabulawoods.it\/wp-content\/uploads\/2022\/06\/foto_14-150x150.jpg 150w\" sizes=\"auto, (max-width: 300px) 100vw, 300px\" \/>                        <\/div>\n    <div class=\"qodef-iwt-text-holder\">\n                    <h3 class=\"qodef-iwt-title\" >FRASSINO OLIVATO VERNICIATURA 2<\/h3>\n\t                <p class=\"qodef-iwt-text\" style=\"margin-top: 30px\">La fase Lorem ipsum dolor sit amet, consectetuer adipiscing elit, sed diam nonummy nibh euismod tincidunt ut laoreet dolore magna aliquam erat volutpat.<\/p>\n            <\/div>\n<\/div>[\/vc_column_inner][vc_column_inner width=&#8221;1\/4&#8243;]<div class=\"qodef-image-with-text-holder progetti  \">\n    <div class=\"qodef-iwt-image\">\n                                    <img loading=\"lazy\" decoding=\"async\" width=\"300\" height=\"300\" src=\"https:\/\/www.tabulawoods.it\/wp-content\/uploads\/2022\/06\/foto_14.jpg\" class=\"attachment-full size-full\" alt=\"\" srcset=\"https:\/\/www.tabulawoods.it\/wp-content\/uploads\/2022\/06\/foto_14.jpg 300w, https:\/\/www.tabulawoods.it\/wp-content\/uploads\/2022\/06\/foto_14-100x100.jpg 100w, https:\/\/www.tabulawoods.it\/wp-content\/uploads\/2022\/06\/foto_14-150x150.jpg 150w\" sizes=\"auto, (max-width: 300px) 100vw, 300px\" \/>                        <\/div>\n    <div class=\"qodef-iwt-text-holder\">\n                    <h3 class=\"qodef-iwt-title\" >FRASSINO OLIVATO VERNICIATURA 3<\/h3>\n\t                <p class=\"qodef-iwt-text\" style=\"margin-top: 30px\">La fase Lorem ipsum dolor sit amet, consectetuer adipiscing elit, sed diam nonummy nibh euismod tincidunt ut laoreet dolore magna aliquam erat volutpat.<\/p>\n            <\/div>\n<\/div>[\/vc_column_inner][\/vc_row_inner][\/vc_column][\/vc_row][vc_row full_width=&#8221;stretch_row&#8221; equal_height=&#8221;yes&#8221; content_placement=&#8221;middle&#8221; css=&#8221;.vc_custom_1659565768530{margin-top: 50px !important;border-bottom-width: 1px !important;padding-top: 60px !important;padding-bottom: 40px !important;border-bottom-color: #000000 !important;border-bottom-style: solid !important;}&#8221;][vc_column][vc_custom_heading text=&#8221;LE NOSTRE CREAZIONI IN NOCE CANALETTO EUROPEO&#8221; font_container=&#8221;tag:p|font_size:48px|text_align:left|color:%23000000|line_height:1.5em&#8221; google_fonts=&#8221;font_family:Open%20Sans%3A300%2C300italic%2Cregular%2Citalic%2C600%2C600italic%2C700%2C700italic%2C800%2C800italic|font_style:300%20light%20regular%3A300%3Anormal&#8221;][vc_custom_heading text=&#8221;Scopri quali prodotti abbiamo realizzato con questa essenza.&#8221; font_container=&#8221;tag:p|font_size:16px|text_align:left|color:%23000000|line_height:1.5em&#8221; google_fonts=&#8221;font_family:Open%20Sans%3A300%2C300italic%2Cregular%2Citalic%2C600%2C600italic%2C700%2C700italic%2C800%2C800italic|font_style:300%20light%20regular%3A300%3Anormal&#8221;][vc_row_inner equal_height=&#8221;yes&#8221; content_placement=&#8221;middle&#8221; gap=&#8221;25&#8243; row_content_width=&#8221;grid&#8221; css=&#8221;.vc_custom_1659564846833{padding-top: 40px !important;}&#8221;][vc_column_inner]<div class=\"qodef-portfolio-list-holder qodef-grid-list qodef-pl-gallery qodef-three-columns qodef-large-space qodef-pl-standard-lift    qodef-pl-pag-no-pagination      \"  data-type=gallery data-number-of-columns=three data-space-between-items=large data-number-of-items=3 data-image-proportions=square data-enable-fixed-proportions=no data-enable-image-shadow=no data-category=portfolio-creazioni data-tag=noce-canaletto-europeo data-orderby=date data-order=ASC data-item-style=standard-lift data-enable-title=yes data-title-tag=h6 data-title-text-transform=uppercase data-enable-category=no data-enable-count-images=no data-enable-excerpt=yes data-excerpt-length=300 data-pagination-type=no-pagination data-filter=no data-filter-order-by=name data-enable-article-animation=no data-portfolio-slider-on=no data-enable-loop=yes data-enable-autoplay=np data-slider-speed=5000 data-slider-speed-animation=600 data-enable-navigation=yes data-enable-pagination=yes data-enable-mousewheel-scroll=no data-max-num-pages=1 data-next-page=2>\n\t\t<div class=\"qodef-pl-inner qodef-outer-space  clearfix\">\n                \t\t<article class=\"qodef-pl-item qodef-item-space  post-6033 portfolio-item type-portfolio-item status-publish has-post-thumbnail hentry portfolio-category-portfolio-creazioni portfolio-tag-noce-canaletto-europeo\">\n\t<div class=\"qodef-pl-item-inner\">\n\t\t<div class=\"qodef-pli-image\">\n\t<img loading=\"lazy\" decoding=\"async\" width=\"550\" height=\"550\" src=\"https:\/\/www.tabulawoods.it\/wp-content\/uploads\/2022\/09\/Noce-canaletto_100anni_croazia_NEO1840HR_01_723x900_icona-550x550.jpg\" class=\"attachment-dessau_select_square size-dessau_select_square wp-post-image\" alt=\"Scrivania con asse in noce canaletto europeo 100 anni e vetro\" srcset=\"https:\/\/www.tabulawoods.it\/wp-content\/uploads\/2022\/09\/Noce-canaletto_100anni_croazia_NEO1840HR_01_723x900_icona-550x550.jpg 550w, https:\/\/www.tabulawoods.it\/wp-content\/uploads\/2022\/09\/Noce-canaletto_100anni_croazia_NEO1840HR_01_723x900_icona-150x150.jpg 150w, https:\/\/www.tabulawoods.it\/wp-content\/uploads\/2022\/09\/Noce-canaletto_100anni_croazia_NEO1840HR_01_723x900_icona-300x300.jpg 300w, https:\/\/www.tabulawoods.it\/wp-content\/uploads\/2022\/09\/Noce-canaletto_100anni_croazia_NEO1840HR_01_723x900_icona-100x100.jpg 100w\" sizes=\"auto, (max-width: 550px) 100vw, 550px\" \/><\/div>\n<div class=\"qodef-pli-text-holder\" >\n\t<div class=\"qodef-pli-text-wrapper\">\n\t\t<div class=\"qodef-pli-text\">\n\t\t\t\t<h6 itemprop=\"name\" class=\"qodef-pli-title entry-title\" style=\"text-transform: uppercase\">\n\t\tScrivania in noce canaletto europeo 100 anni\t<\/h6>\n\n\t\t\t\n\t\t\t\n\t\t\t\t<p itemprop=\"description\" class=\"qodef-pli-excerpt\">100 anni\r\n\r\ncm 110\/140 x 305 x H75<\/p>\n\t\t<\/div>\n\t<\/div>\n<\/div>\n\t\t<a itemprop=\"url\" class=\"qodef-pli-link qodef-block-drag-link\" href=\"https:\/\/www.tabulawoods.it\/it\/portfolio-item\/tavolo-scrivania-in-noce-e-vetro\/\" target=\"_self\"><\/a>\n\t<\/div>\n<\/article>\t\t<\/div>\n\t\n\t<\/div>[\/vc_column_inner][\/vc_row_inner][\/vc_column][\/vc_row][vc_row full_width=&#8221;stretch_row&#8221; equal_height=&#8221;yes&#8221; content_placement=&#8221;middle&#8221; css=&#8221;.vc_custom_1659565793157{margin-top: 20px !important;padding-top: 40px !important;padding-bottom: 40px !important;}&#8221;][vc_column][vc_custom_heading text=&#8221;LE NOSTRE ASSI GREZZE IN NOCE CANALETTO EUROPEO&#8221; font_container=&#8221;tag:p|font_size:48px|text_align:left|color:%23000000|line_height:1.5em&#8221; google_fonts=&#8221;font_family:Open%20Sans%3A300%2C300italic%2Cregular%2Citalic%2C600%2C600italic%2C700%2C700italic%2C800%2C800italic|font_style:300%20light%20regular%3A300%3Anormal&#8221;][vc_custom_heading text=&#8221;Scopri quali assi grezze abbiamo a disposizione in questa essenza.&#8221; font_container=&#8221;tag:p|font_size:16px|text_align:left|color:%23000000|line_height:1.5em&#8221; google_fonts=&#8221;font_family:Open%20Sans%3A300%2C300italic%2Cregular%2Citalic%2C600%2C600italic%2C700%2C700italic%2C800%2C800italic|font_style:300%20light%20regular%3A300%3Anormal&#8221;][vc_masonry_grid post_type=&#8221;assi_grezze&#8221; max_items=&#8221;10&#8243; item=&#8221;10875&#8243; grid_id=&#8221;vc_gid:1709618364467-80b1748d-0762-10&#8243; taxonomies=&#8221;272&#8243;][\/vc_column][\/vc_row][vc_row full_width=&#8221;stretch_row_content_no_spaces&#8221; content_placement=&#8221;middle&#8221; content_text_aligment=&#8221;center&#8221; css=&#8221;.vc_custom_1659564524802{padding-top: 93px !important;padding-bottom: 91px !important;}&#8221; simple_background_color=&#8221;#991b30&#8243;][vc_column][vc_row_inner content_placement=&#8221;middle&#8221; row_content_width=&#8221;grid&#8221; content_text_aligment=&#8221;center&#8221;][vc_column_inner][vc_custom_heading text=&#8221;CREIAMO INSIEME&#8221; font_container=&#8221;tag:p|font_size:54px|text_align:center|color:%23ffffff|line_height:1.5em&#8221; google_fonts=&#8221;font_family:Open%20Sans%3A300%2C300italic%2Cregular%2Citalic%2C600%2C600italic%2C700%2C700italic%2C800%2C800italic|font_style:300%20light%20regular%3A300%3Anormal&#8221;][vc_empty_space height=&#8221;14px&#8221;][vc_custom_heading text=&#8221;UN\u2019EDIZIONE LIMITATA AD UN UNICO ESEMPLARE:<br \/>\nIL TUO TAVOLO O COMPLEMENTO D\u2019ARREDO&#8221; font_container=&#8221;tag:p|font_size:18px|text_align:center|color:%23ffffff|line_height:1.5em&#8221; google_fonts=&#8221;font_family:Open%20Sans%3A300%2C300italic%2Cregular%2Citalic%2C600%2C600italic%2C700%2C700italic%2C800%2C800italic|font_style:300%20light%20regular%3A300%3Anormal&#8221;][vc_empty_space height=&#8221;38px&#8221;]<a itemprop=\"url\" href=\"#\" target=\"_self\" style=\"color: #ffffff;background-color: #2c2022\" class=\"qodef-btn qodef-btn-large qodef-btn-solid\"  >\n\t        <span class=\"qodef-btn-text\">CONTATTACI<\/span>\n            <\/a>[vc_empty_space height=&#8221;39px&#8221;][\/vc_column_inner][\/vc_row_inner][\/vc_column][\/vc_row]<\/p>\n<\/div>","protected":false},"excerpt":{"rendered":"<p>[vc_row full_width=&#8221;stretch_row_content_no_spaces&#8221; full_height=&#8221;yes&#8221; columns_placement=&#8221;top&#8221; parallax=&#8221;content-moving&#8221; css=&#8221;.vc_custom_1709610915376{padding-top: 0px !important;}&#8221; el_class=&#8221;slide-assi-grezze&#8221;][vc_column css=&#8221;.vc_custom_1709610939825{padding-top: 0px !important;}&#8221;][vc_column_text el_class=&#8221;assi-grezze-slider-content&#8221;] Noce Canaletto Europeo Legno pesante, pregiato, scuro con venature lucide.[\/vc_column_text][\/vc_column][\/vc_row][vc_row content_placement=&#8221;middle&#8221; css=&#8221;.vc_custom_1663967520579{margin-top: 60px !important;}&#8221;][vc_column width=&#8221;1\/2&#8243;][vc_single_image image=&#8221;9045&#8243; img_size=&#8221;full&#8221;][\/vc_column][vc_column width=&#8221;1\/2&#8243; css=&#8221;.vc_custom_1663598352676{padding-right: 30px !important;padding-left: 30px !important;}&#8221;][vc_column_text] L&#8217;albero Originaria del continente nordamericano, nel 17\u00b0 secolo la specie Juglans Nigra (Noce Canaletto) [&hellip;]<\/p>\n","protected":false},"author":2,"featured_media":9051,"menu_order":0,"comment_status":"closed","ping_status":"closed","template":"","class_list":["post-6817","portfolio-item","type-portfolio-item","status-publish","has-post-thumbnail","hentry","portfolio-category-essenze","portfolio-tag-noce-canaletto-europeo"],"acf":[],"yoast_head":"<!-- This site is optimized with the Yoast SEO plugin v27.5 - https:\/\/yoast.com\/product\/yoast-seo-wordpress\/ -->\n<title>Noce Canaletto Europeo | Tabula Woods<\/title>\n<meta name=\"robots\" content=\"index, follow, max-snippet:-1, max-image-preview:large, max-video-preview:-1\" \/>\n<link rel=\"canonical\" href=\"https:\/\/www.tabulawoods.it\/it\/portfolio-item\/noce-canaletto-europeo\/\" \/>\n<meta property=\"og:locale\" content=\"it_IT\" \/>\n<meta property=\"og:type\" content=\"article\" \/>\n<meta property=\"og:title\" content=\"Noce Canaletto Europeo | Tabula Woods\" \/>\n<meta property=\"og:description\" content=\"[vc_row full_width=&#8221;stretch_row_content_no_spaces&#8221; full_height=&#8221;yes&#8221; columns_placement=&#8221;top&#8221; parallax=&#8221;content-moving&#8221; css=&#8221;.vc_custom_1709610915376{padding-top: 0px !important;}&#8221; el_class=&#8221;slide-assi-grezze&#8221;][vc_column css=&#8221;.vc_custom_1709610939825{padding-top: 0px !important;}&#8221;][vc_column_text el_class=&#8221;assi-grezze-slider-content&#8221;] Noce Canaletto Europeo Legno pesante, pregiato, scuro con venature lucide.[\/vc_column_text][\/vc_column][\/vc_row][vc_row content_placement=&#8221;middle&#8221; css=&#8221;.vc_custom_1663967520579{margin-top: 60px !important;}&#8221;][vc_column width=&#8221;1\/2&#8243;][vc_single_image image=&#8221;9045&#8243; img_size=&#8221;full&#8221;][\/vc_column][vc_column width=&#8221;1\/2&#8243; css=&#8221;.vc_custom_1663598352676{padding-right: 30px !important;padding-left: 30px !important;}&#8221;][vc_column_text] L&#8217;albero Originaria del continente nordamericano, nel 17\u00b0 secolo la specie Juglans Nigra (Noce Canaletto) [&hellip;]\" \/>\n<meta property=\"og:url\" content=\"https:\/\/www.tabulawoods.it\/it\/portfolio-item\/noce-canaletto-europeo\/\" \/>\n<meta property=\"og:site_name\" content=\"Tabula Woods\" \/>\n<meta property=\"article:publisher\" content=\"https:\/\/www.facebook.com\/tabulawoods\/\" \/>\n<meta property=\"article:modified_time\" content=\"2024-03-05T05:59:36+00:00\" \/>\n<meta property=\"og:image\" content=\"https:\/\/www.tabulawoods.it\/wp-content\/uploads\/2022\/09\/Noce_canaletto_europeo_284485547_500x500.jpg\" \/>\n\t<meta property=\"og:image:width\" content=\"500\" \/>\n\t<meta property=\"og:image:height\" content=\"500\" \/>\n\t<meta property=\"og:image:type\" content=\"image\/jpeg\" \/>\n<meta name=\"twitter:card\" content=\"summary_large_image\" \/>\n<meta name=\"twitter:label1\" content=\"Tempo di lettura stimato\" \/>\n\t<meta name=\"twitter:data1\" content=\"3 minuti\" \/>\n<script type=\"application\/ld+json\" class=\"yoast-schema-graph\">{\"@context\":\"https:\\\/\\\/schema.org\",\"@graph\":[{\"@type\":\"WebPage\",\"@id\":\"https:\\\/\\\/www.tabulawoods.it\\\/it\\\/portfolio-item\\\/noce-canaletto-europeo\\\/\",\"url\":\"https:\\\/\\\/www.tabulawoods.it\\\/it\\\/portfolio-item\\\/noce-canaletto-europeo\\\/\",\"name\":\"Noce Canaletto Europeo | Tabula Woods\",\"isPartOf\":{\"@id\":\"https:\\\/\\\/www.tabulawoods.it\\\/it\\\/#website\"},\"primaryImageOfPage\":{\"@id\":\"https:\\\/\\\/www.tabulawoods.it\\\/it\\\/portfolio-item\\\/noce-canaletto-europeo\\\/#primaryimage\"},\"image\":{\"@id\":\"https:\\\/\\\/www.tabulawoods.it\\\/it\\\/portfolio-item\\\/noce-canaletto-europeo\\\/#primaryimage\"},\"thumbnailUrl\":\"https:\\\/\\\/www.tabulawoods.it\\\/wp-content\\\/uploads\\\/2022\\\/09\\\/Noce_canaletto_europeo_284485547_500x500.jpg\",\"datePublished\":\"2022-09-26T06:00:40+00:00\",\"dateModified\":\"2024-03-05T05:59:36+00:00\",\"breadcrumb\":{\"@id\":\"https:\\\/\\\/www.tabulawoods.it\\\/it\\\/portfolio-item\\\/noce-canaletto-europeo\\\/#breadcrumb\"},\"inLanguage\":\"it-IT\",\"potentialAction\":[{\"@type\":\"ReadAction\",\"target\":[\"https:\\\/\\\/www.tabulawoods.it\\\/it\\\/portfolio-item\\\/noce-canaletto-europeo\\\/\"]}]},{\"@type\":\"ImageObject\",\"inLanguage\":\"it-IT\",\"@id\":\"https:\\\/\\\/www.tabulawoods.it\\\/it\\\/portfolio-item\\\/noce-canaletto-europeo\\\/#primaryimage\",\"url\":\"https:\\\/\\\/www.tabulawoods.it\\\/wp-content\\\/uploads\\\/2022\\\/09\\\/Noce_canaletto_europeo_284485547_500x500.jpg\",\"contentUrl\":\"https:\\\/\\\/www.tabulawoods.it\\\/wp-content\\\/uploads\\\/2022\\\/09\\\/Noce_canaletto_europeo_284485547_500x500.jpg\",\"width\":500,\"height\":500,\"caption\":\"Noce canaletto europeo\"},{\"@type\":\"BreadcrumbList\",\"@id\":\"https:\\\/\\\/www.tabulawoods.it\\\/it\\\/portfolio-item\\\/noce-canaletto-europeo\\\/#breadcrumb\",\"itemListElement\":[{\"@type\":\"ListItem\",\"position\":1,\"name\":\"Home\",\"item\":\"https:\\\/\\\/www.tabulawoods.it\\\/it\\\/\"},{\"@type\":\"ListItem\",\"position\":2,\"name\":\"Dessau Portfolio\",\"item\":\"https:\\\/\\\/www.tabulawoods.it\\\/de\\\/portfolio-item\\\/\"},{\"@type\":\"ListItem\",\"position\":3,\"name\":\"Noce Canaletto Europeo\"}]},{\"@type\":\"WebSite\",\"@id\":\"https:\\\/\\\/www.tabulawoods.it\\\/it\\\/#website\",\"url\":\"https:\\\/\\\/www.tabulawoods.it\\\/it\\\/\",\"name\":\"Tabula Woods\",\"description\":\"Natural limited edition - Ecodesign made in Italy\",\"publisher\":{\"@id\":\"https:\\\/\\\/www.tabulawoods.it\\\/it\\\/#organization\"},\"potentialAction\":[{\"@type\":\"SearchAction\",\"target\":{\"@type\":\"EntryPoint\",\"urlTemplate\":\"https:\\\/\\\/www.tabulawoods.it\\\/it\\\/?s={search_term_string}\"},\"query-input\":{\"@type\":\"PropertyValueSpecification\",\"valueRequired\":true,\"valueName\":\"search_term_string\"}}],\"inLanguage\":\"it-IT\"},{\"@type\":\"Organization\",\"@id\":\"https:\\\/\\\/www.tabulawoods.it\\\/it\\\/#organization\",\"name\":\"TABULA Woods\",\"url\":\"https:\\\/\\\/www.tabulawoods.it\\\/it\\\/\",\"logo\":{\"@type\":\"ImageObject\",\"inLanguage\":\"it-IT\",\"@id\":\"https:\\\/\\\/www.tabulawoods.it\\\/it\\\/#\\\/schema\\\/logo\\\/image\\\/\",\"url\":\"https:\\\/\\\/www.tabulawoods.it\\\/wp-content\\\/uploads\\\/2022\\\/06\\\/Tabula_logo_pos_h100.png\",\"contentUrl\":\"https:\\\/\\\/www.tabulawoods.it\\\/wp-content\\\/uploads\\\/2022\\\/06\\\/Tabula_logo_pos_h100.png\",\"width\":425,\"height\":100,\"caption\":\"TABULA Woods\"},\"image\":{\"@id\":\"https:\\\/\\\/www.tabulawoods.it\\\/it\\\/#\\\/schema\\\/logo\\\/image\\\/\"},\"sameAs\":[\"https:\\\/\\\/www.facebook.com\\\/tabulawoods\\\/\",\"https:\\\/\\\/www.instagram.com\\\/natural_limited_edition\\\/\"]}]}<\/script>\n<!-- \/ Yoast SEO plugin. -->","yoast_head_json":{"title":"Noce Canaletto Europeo | Tabula Woods","robots":{"index":"index","follow":"follow","max-snippet":"max-snippet:-1","max-image-preview":"max-image-preview:large","max-video-preview":"max-video-preview:-1"},"canonical":"https:\/\/www.tabulawoods.it\/it\/portfolio-item\/noce-canaletto-europeo\/","og_locale":"it_IT","og_type":"article","og_title":"Noce Canaletto Europeo | Tabula Woods","og_description":"[vc_row full_width=&#8221;stretch_row_content_no_spaces&#8221; full_height=&#8221;yes&#8221; columns_placement=&#8221;top&#8221; parallax=&#8221;content-moving&#8221; css=&#8221;.vc_custom_1709610915376{padding-top: 0px !important;}&#8221; el_class=&#8221;slide-assi-grezze&#8221;][vc_column css=&#8221;.vc_custom_1709610939825{padding-top: 0px !important;}&#8221;][vc_column_text el_class=&#8221;assi-grezze-slider-content&#8221;] Noce Canaletto Europeo Legno pesante, pregiato, scuro con venature lucide.[\/vc_column_text][\/vc_column][\/vc_row][vc_row content_placement=&#8221;middle&#8221; css=&#8221;.vc_custom_1663967520579{margin-top: 60px !important;}&#8221;][vc_column width=&#8221;1\/2&#8243;][vc_single_image image=&#8221;9045&#8243; img_size=&#8221;full&#8221;][\/vc_column][vc_column width=&#8221;1\/2&#8243; css=&#8221;.vc_custom_1663598352676{padding-right: 30px !important;padding-left: 30px !important;}&#8221;][vc_column_text] L&#8217;albero Originaria del continente nordamericano, nel 17\u00b0 secolo la specie Juglans Nigra (Noce Canaletto) [&hellip;]","og_url":"https:\/\/www.tabulawoods.it\/it\/portfolio-item\/noce-canaletto-europeo\/","og_site_name":"Tabula Woods","article_publisher":"https:\/\/www.facebook.com\/tabulawoods\/","article_modified_time":"2024-03-05T05:59:36+00:00","og_image":[{"width":500,"height":500,"url":"https:\/\/www.tabulawoods.it\/wp-content\/uploads\/2022\/09\/Noce_canaletto_europeo_284485547_500x500.jpg","type":"image\/jpeg"}],"twitter_card":"summary_large_image","twitter_misc":{"Tempo di lettura stimato":"3 minuti"},"schema":{"@context":"https:\/\/schema.org","@graph":[{"@type":"WebPage","@id":"https:\/\/www.tabulawoods.it\/it\/portfolio-item\/noce-canaletto-europeo\/","url":"https:\/\/www.tabulawoods.it\/it\/portfolio-item\/noce-canaletto-europeo\/","name":"Noce Canaletto Europeo | Tabula Woods","isPartOf":{"@id":"https:\/\/www.tabulawoods.it\/it\/#website"},"primaryImageOfPage":{"@id":"https:\/\/www.tabulawoods.it\/it\/portfolio-item\/noce-canaletto-europeo\/#primaryimage"},"image":{"@id":"https:\/\/www.tabulawoods.it\/it\/portfolio-item\/noce-canaletto-europeo\/#primaryimage"},"thumbnailUrl":"https:\/\/www.tabulawoods.it\/wp-content\/uploads\/2022\/09\/Noce_canaletto_europeo_284485547_500x500.jpg","datePublished":"2022-09-26T06:00:40+00:00","dateModified":"2024-03-05T05:59:36+00:00","breadcrumb":{"@id":"https:\/\/www.tabulawoods.it\/it\/portfolio-item\/noce-canaletto-europeo\/#breadcrumb"},"inLanguage":"it-IT","potentialAction":[{"@type":"ReadAction","target":["https:\/\/www.tabulawoods.it\/it\/portfolio-item\/noce-canaletto-europeo\/"]}]},{"@type":"ImageObject","inLanguage":"it-IT","@id":"https:\/\/www.tabulawoods.it\/it\/portfolio-item\/noce-canaletto-europeo\/#primaryimage","url":"https:\/\/www.tabulawoods.it\/wp-content\/uploads\/2022\/09\/Noce_canaletto_europeo_284485547_500x500.jpg","contentUrl":"https:\/\/www.tabulawoods.it\/wp-content\/uploads\/2022\/09\/Noce_canaletto_europeo_284485547_500x500.jpg","width":500,"height":500,"caption":"Noce canaletto europeo"},{"@type":"BreadcrumbList","@id":"https:\/\/www.tabulawoods.it\/it\/portfolio-item\/noce-canaletto-europeo\/#breadcrumb","itemListElement":[{"@type":"ListItem","position":1,"name":"Home","item":"https:\/\/www.tabulawoods.it\/it\/"},{"@type":"ListItem","position":2,"name":"Dessau Portfolio","item":"https:\/\/www.tabulawoods.it\/de\/portfolio-item\/"},{"@type":"ListItem","position":3,"name":"Noce Canaletto Europeo"}]},{"@type":"WebSite","@id":"https:\/\/www.tabulawoods.it\/it\/#website","url":"https:\/\/www.tabulawoods.it\/it\/","name":"Tabula Woods","description":"Natural limited edition - Ecodesign made in Italy","publisher":{"@id":"https:\/\/www.tabulawoods.it\/it\/#organization"},"potentialAction":[{"@type":"SearchAction","target":{"@type":"EntryPoint","urlTemplate":"https:\/\/www.tabulawoods.it\/it\/?s={search_term_string}"},"query-input":{"@type":"PropertyValueSpecification","valueRequired":true,"valueName":"search_term_string"}}],"inLanguage":"it-IT"},{"@type":"Organization","@id":"https:\/\/www.tabulawoods.it\/it\/#organization","name":"TABULA Woods","url":"https:\/\/www.tabulawoods.it\/it\/","logo":{"@type":"ImageObject","inLanguage":"it-IT","@id":"https:\/\/www.tabulawoods.it\/it\/#\/schema\/logo\/image\/","url":"https:\/\/www.tabulawoods.it\/wp-content\/uploads\/2022\/06\/Tabula_logo_pos_h100.png","contentUrl":"https:\/\/www.tabulawoods.it\/wp-content\/uploads\/2022\/06\/Tabula_logo_pos_h100.png","width":425,"height":100,"caption":"TABULA Woods"},"image":{"@id":"https:\/\/www.tabulawoods.it\/it\/#\/schema\/logo\/image\/"},"sameAs":["https:\/\/www.facebook.com\/tabulawoods\/","https:\/\/www.instagram.com\/natural_limited_edition\/"]}]}},"_links":{"self":[{"href":"https:\/\/www.tabulawoods.it\/it\/wp-json\/wp\/v2\/portfolio_item\/6817","targetHints":{"allow":["GET"]}}],"collection":[{"href":"https:\/\/www.tabulawoods.it\/it\/wp-json\/wp\/v2\/portfolio_item"}],"about":[{"href":"https:\/\/www.tabulawoods.it\/it\/wp-json\/wp\/v2\/types\/portfolio-item"}],"author":[{"embeddable":true,"href":"https:\/\/www.tabulawoods.it\/it\/wp-json\/wp\/v2\/users\/2"}],"replies":[{"embeddable":true,"href":"https:\/\/www.tabulawoods.it\/it\/wp-json\/wp\/v2\/comments?post=6817"}],"wp:featuredmedia":[{"embeddable":true,"href":"https:\/\/www.tabulawoods.it\/it\/wp-json\/wp\/v2\/media\/9051"}],"wp:attachment":[{"href":"https:\/\/www.tabulawoods.it\/it\/wp-json\/wp\/v2\/media?parent=6817"}],"curies":[{"name":"wp","href":"https:\/\/api.w.org\/{rel}","templated":true}]}}